{"id":648,"date":"2024-08-28T15:16:15","date_gmt":"2024-08-28T15:16:15","guid":{"rendered":"https:\/\/solarprojekt-3s.de\/?page_id=648"},"modified":"2025-06-10T08:00:49","modified_gmt":"2025-06-10T08:00:49","slug":"mieterstrom-modell","status":"publish","type":"page","link":"https:\/\/solarprojekt-3s.de\/en\/mieterstrom-modell\/","title":{"rendered":"Tenant Power"},"content":{"rendered":"<p>[et_pb_section fb_built=&#8220;1&#8243; disabled_on=&#8220;off|off|off&#8220; _builder_version=&#8220;4.27.0&#8243; _module_preset=&#8220;default&#8220; background_image=&#8220;https:\/\/solarprojekt-3s.de\/wp-content\/uploads\/2024\/08\/solarstrom-fuer-mehrfamilienhauser.webp&#8220; min_height=&#8220;500px&#8220; custom_margin=&#8220;0px|0px|0px|0px|true|true&#8220; custom_padding=&#8220;50px|0px|0px|0px|false|true&#8220; scroll_vertical_motion=&#8220;0|55|55|100|0|0|-2&#8243; motion_trigger_start=&#8220;top&#8220; collapsed=&#8220;off&#8220; global_colors_info=&#8220;{}&#8220;][\/et_pb_section][et_pb_section fb_built=&#8220;1&#8243; _builder_version=&#8220;4.27.0&#8243; _module_preset=&#8220;default&#8220; global_colors_info=&#8220;{}&#8220;][et_pb_row column_structure=&#8220;1_2,1_2&#8243; _builder_version=&#8220;4.27.0&#8243; _module_preset=&#8220;default&#8220; global_colors_info=&#8220;{}&#8220;][et_pb_column type=&#8220;1_2&#8243; _builder_version=&#8220;4.27.0&#8243; _module_preset=&#8220;default&#8220; global_colors_info=&#8220;{}&#8220;][et_pb_text _builder_version=&#8220;4.27.0&#8243; _module_preset=&#8220;default&#8220; text_font=&#8220;|700|||||||&#8220; text_text_color=&#8220;#000000&#8243; text_font_size=&#8220;39px&#8220; text_line_height=&#8220;1.4em&#8220; header_font=&#8220;|700|||||||&#8220; header_text_color=&#8220;#000000&#8243; header_font_size=&#8220;36px&#8220; header_line_height=&#8220;1.3em&#8220; transform_translate_linked=&#8220;off&#8220; custom_margin=&#8220;0px||||false|false&#8220; custom_padding=&#8220;||||false|false&#8220; scroll_vertical_motion=&#8220;0|49|49|100|0|0|2.5&#8243; scroll_horizontal_motion=&#8220;0|90|90|100|-1|2|6&#8243; scroll_fade=&#8220;0|50|50|100|100%|100|50%&#8220; scroll_scaling=&#8220;0|58|58|100|100%|100%|300%&#8220; motion_trigger_start=&#8220;bottom&#8220; header_font_size_tablet=&#8220;36px&#8220; header_font_size_phone=&#8220;28px&#8220; header_font_size_last_edited=&#8220;on|phone&#8220; custom_css_main_element=&#8220;z-index:99;&#8220; global_colors_info=&#8220;{}&#8220;]<\/p>\n<h1>Das Mieterstrom-Modell: Wohnwirtschaftliche PV-Nutzung<\/h1>\n<p>[\/et_pb_text][et_pb_text _builder_version=&#8220;4.27.0&#8243; _module_preset=&#8220;default&#8220; text_font=&#8220;||||||||&#8220; text_text_color=&#8220;#000000&#8243; text_font_size=&#8220;16px&#8220; background_color=&#8220;rgba(255,255,255,0.75)&#8220; custom_margin=&#8220;||||false|false&#8220; custom_padding=&#8220;||||false|true&#8220; custom_padding_tablet=&#8220;||||false|true&#8220; custom_padding_phone=&#8220;0px|0px|0px|0px|false|true&#8220; custom_padding_last_edited=&#8220;on|phone&#8220; border_radii=&#8220;on|12px|12px|12px|12px&#8220; global_colors_info=&#8220;{}&#8220;]<b>Mit der Verabschiedung des Solarpakets 1 am 26.4.2024 und damit verbundener Gesetzes\u00e4nderungen, ist die Abrechnung von Solar-Mieterstrom jetzt ganz einfach und ohne aufw\u00e4ndige Umbau- bzw. Installationsarbeiten m\u00f6glich geworden.<\/b>[\/et_pb_text][\/et_pb_column][et_pb_column type=&#8220;1_2&#8243; _builder_version=&#8220;4.27.0&#8243; _module_preset=&#8220;default&#8220; global_colors_info=&#8220;{}&#8220;][et_pb_text _builder_version=&#8220;4.27.0&#8243; _module_preset=&#8220;default&#8220; global_colors_info=&#8220;{}&#8220;]<\/p>\n<p>Der Vermieter wird somit kompletter Stromlieferant, das bedeutet, er verkauft seinen Mietern den auf dem Dach produzierten Solarstrom sowie den Reststrom vom Netzbetreiber. Hierzu schlie\u00dft der Vermieter einen Liefervertrag mit einem beliebigen Stromanbieter ab. Durch den Einbau von Smart-Metern anstelle der alten Stromz\u00e4hler wird der genaue Verbrauch der einzelnen Einheiten im 15 Minuten-Takt erfasst, wobei der Solar- und Reststrom separat aufgef\u00fchrt werden. Der Vermieter ist somit Stromlieferant und legt die Abrechnungspreise selber fest. Der Mieter zahlt wie gewohnt die Abschl\u00e4ge, nun jedoch an den Vermieter und erh\u00e4lt j\u00e4hrlich eine detaillierte Stromabrechnung. Es besteht allerdings keine Pflicht f\u00fcr den Mieter an diesem Angebot f\u00fcr nachhaltigen Strom teilzunehmen &#8211; dieser ist, wie auch bisher, frei in der Wahl seines Stromanbieters.<\/p>\n<p>[\/et_pb_text][\/et_pb_column][\/et_pb_row][\/et_pb_section][et_pb_section fb_built=&#8220;1&#8243; _builder_version=&#8220;4.27.0&#8243; _module_preset=&#8220;default&#8220; background_color=&#8220;rgba(0,0,0,0.1)&#8220; global_colors_info=&#8220;{}&#8220;][et_pb_row _builder_version=&#8220;4.27.0&#8243; _module_preset=&#8220;default&#8220; global_colors_info=&#8220;{}&#8220;][et_pb_column type=&#8220;4_4&#8243; _builder_version=&#8220;4.27.0&#8243; _module_preset=&#8220;default&#8220; global_colors_info=&#8220;{}&#8220;][et_pb_text _builder_version=&#8220;4.27.0&#8243; _module_preset=&#8220;default&#8220; header_2_font=&#8220;|700|||||||&#8220; header_2_font_size=&#8220;28px&#8220; header_2_line_height=&#8220;1.3em&#8220; custom_css_free_form=&#8220;ul {list-style-image: url(&#8218;https:\/\/solarprojekt-3s.de\/wp-content\/uploads\/2024\/08\/list.png&#8216;);}||li {line-height:36px;vertical-align:middle;}||.up {position:relative;top:-6px;left:8px;}||h1, h2 {margin-bottom:20px;}||||  &#8220; global_colors_info=&#8220;{}&#8220;]<\/p>\n<h2>So funktioniert es, Schritt f\u00fcr Schritt<\/h2>\n<ul>\n<li><span class=\"up\">Die PV-Anlage auf dem Dach, sowie neue Z\u00e4hler (intelligentes Messsystem) werden installiert, wobei Z\u00e4hlerst\u00e4nde fernauslesbar erfasst werden.<\/span><\/li>\n<li><span class=\"up\">Der Vermieter wird Stromanbieter und liefert Strom aus der PV-Anlage und wenn die Sonne nicht scheint, den Strom vom Netzbetreiber.<\/span><\/li>\n<li><span class=\"up\">Der Mieter k\u00fcndigt den bestehenden Vertrag mit seinem Stromanbieter.<\/span><\/li>\n<li><span class=\"up\">Der Mieter schlie\u00dft einen Stromliefervertrag mit dem Vermieter ab.<\/span><\/li>\n<li><span class=\"up\">Der Mieter zahlt dem Vermieter eine monatliche Grundgeb\u00fchr und eine geringe Geb\u00fchr f\u00fcr das Messsystem und die Abrechnung.<\/span><\/li>\n<li><span class=\"up\">Der Mieter bekommt einmal im Jahr eine detaillierte Stromabrechnung.<\/span><\/li>\n<li><span class=\"up\">Der Mieter freut sich \u00fcber die Ersparnis.<\/span><\/li>\n<li><span class=\"up\">Der Vermieter freut sich \u00fcber die PV-Stromerl\u00f6se und den gesetzlichen Mieterstromzuschlag.<\/span><\/li>\n<li><span class=\"up\">Nicht-Teilnehmer werden weiterhin von einem Stromversorger Ihrer Wahl aus dem \u00f6ffentlichen Netz versorgt.<\/span><\/li>\n<\/ul>\n<p>[\/et_pb_text][\/et_pb_column][\/et_pb_row][\/et_pb_section][et_pb_section fb_built=&#8220;1&#8243; _builder_version=&#8220;4.27.0&#8243; _module_preset=&#8220;default&#8220; global_colors_info=&#8220;{}&#8220;][et_pb_row _builder_version=&#8220;4.27.0&#8243; _module_preset=&#8220;default&#8220; global_colors_info=&#8220;{}&#8220;][et_pb_column type=&#8220;4_4&#8243; _builder_version=&#8220;4.27.0&#8243; _module_preset=&#8220;default&#8220; global_colors_info=&#8220;{}&#8220;][et_pb_text _builder_version=&#8220;4.27.0&#8243; _module_preset=&#8220;default&#8220; header_2_font=&#8220;|700|||||||&#8220; header_2_font_size=&#8220;28px&#8220; header_2_line_height=&#8220;1.3em&#8220; header_3_font=&#8220;|700|||||||&#8220; global_colors_info=&#8220;{}&#8220;]<\/p>\n<h2>Planungssicherheit f\u00fcr Vermieter und Mieter<\/h2>\n<p>Der Vermieter entscheidet, welchen Preisvorteil er an seine Mieter weitergibt. Der Mieter kann von dem Solarstrom, dem kumulierten Strom-Liefervertrag und dem Mieterstromzuschlag profitieren.<\/p>\n<p>[\/et_pb_text][\/et_pb_column][\/et_pb_row][\/et_pb_section][et_pb_section fb_built=&#8220;1&#8243; _builder_version=&#8220;4.27.0&#8243; _module_preset=&#8220;default&#8220; background_color=&#8220;#fef0d2&#8243; custom_padding=&#8220;0px||0px||true|false&#8220; global_colors_info=&#8220;{}&#8220;][et_pb_row column_structure=&#8220;1_2,1_2&#8243; _builder_version=&#8220;4.27.0&#8243; _module_preset=&#8220;default&#8220; custom_padding=&#8220;0px||0px||false|false&#8220; global_colors_info=&#8220;{}&#8220;][et_pb_column type=&#8220;1_2&#8243; _builder_version=&#8220;4.27.0&#8243; _module_preset=&#8220;default&#8220; global_colors_info=&#8220;{}&#8220;][et_pb_text _builder_version=&#8220;4.27.4&#8243; _module_preset=&#8220;default&#8220; header_3_font=&#8220;|700|||||||&#8220; header_3_line_height=&#8220;1.3em&#8220; custom_padding=&#8220;50px||50px||false|false&#8220; global_colors_info=&#8220;{}&#8220;]<\/p>\n<h3>Das virtuelle Summenz\u00e4hler Modell<\/h3>\n<p>Beim virtuellen Summenz\u00e4hlermodell sind alle Z\u00e4hler (also hier Z-PV, Z-N1 bis Z-N3) reguliert. Der PV-Z\u00e4hler und die Z\u00e4hler der Teilnehmer (also hier Z-PV, Z-N1 und Z-N2) m\u00fcssen jeweils intelligente Messsysteme sein. \u00dcblicherweise bekommt auch der Nicht-Teilnehmer (hier Z-N3) ein intelligentes Messsystem. Ein intelligentes Messsystem besteht aus einer modernen Messeinr\u00edchtung und einem Smart Meter Gateway. Die Z\u00e4hlerst\u00e4nde von intelligenten Messsystemen sind fernauslesbar.<\/p>\n<p><span style=\"font-size: 11px;\">Quelle: QuartierKraft<\/span>[\/et_pb_text][\/et_pb_column][et_pb_column type=&#8220;1_2&#8243; _builder_version=&#8220;4.27.0&#8243; _module_preset=&#8220;default&#8220; custom_padding=&#8220;0px||0px||false|false&#8220; global_colors_info=&#8220;{}&#8220;][et_pb_image src=&#8220;https:\/\/solarprojekt-3s.de\/wp-content\/uploads\/2024\/08\/virtuelles-summenzaehler-modell.webp&#8220; alt=&#8220;Virtuelles Summenz\u00e4hler-Modell&#8220; title_text=&#8220;virtuelles-summenzaehler-modell&#8220; module_class=&#8220;pic&#8220; _builder_version=&#8220;4.27.0&#8243; _module_preset=&#8220;default&#8220; custom_margin=&#8220;0px||0px||true|false&#8220; custom_padding=&#8220;0px||0px||true|false&#8220; custom_css_free_form=&#8220;.pic {width:75%;margin:0 auto;}&#8220; global_colors_info=&#8220;{}&#8220;][\/et_pb_image][\/et_pb_column][\/et_pb_row][\/et_pb_section][et_pb_section fb_built=&#8220;1&#8243; _builder_version=&#8220;4.27.0&#8243; _module_preset=&#8220;default&#8220; global_colors_info=&#8220;{}&#8220;][et_pb_row _builder_version=&#8220;4.27.0&#8243; _module_preset=&#8220;default&#8220; global_colors_info=&#8220;{}&#8220;][et_pb_column type=&#8220;4_4&#8243; _builder_version=&#8220;4.27.0&#8243; _module_preset=&#8220;default&#8220; global_colors_info=&#8220;{}&#8220;][et_pb_text _builder_version=&#8220;4.27.0&#8243; _module_preset=&#8220;default&#8220; header_2_font=&#8220;|700|||||||&#8220; header_2_font_size=&#8220;28px&#8220; header_2_line_height=&#8220;1.3em&#8220; global_colors_info=&#8220;{}&#8220;]<\/p>\n<h2>Mieterstrom-Abrechnung leicht gemacht<\/h2>\n<p>Mit der Installation von Intelligenten, fernauslesbaren Messeinrichtungen ist die Grundlage f\u00fcr eine professionelle Stromabrechnung gegeben. Die automatisierte Erfassung der individuellen Verbr\u00e4uche und die Umlegung der Kosten auf die teilnehmenden Mieter wird transparent und einfach. Noch simpler wird es durch den Service von SOLARPROJEKT 3S, der Ihnen die Erstellung der professionellen Abrechnungen inkl. Verbrauchshinweisen und Erl\u00e4uterungen und deren Zustellung an die Mieter komplett abnimmt.<\/p>\n<p>[\/et_pb_text][\/et_pb_column][\/et_pb_row][\/et_pb_section][et_pb_section fb_built=&#8220;1&#8243; _builder_version=&#8220;4.27.0&#8243; _module_preset=&#8220;default&#8220; background_color=&#8220;#fef0d2&#8243; custom_padding=&#8220;0px||0px||true|false&#8220; global_colors_info=&#8220;{}&#8220;][et_pb_row column_structure=&#8220;1_2,1_2&#8243; _builder_version=&#8220;4.27.0&#8243; _module_preset=&#8220;default&#8220; custom_padding=&#8220;0px||0px||false|false&#8220; global_colors_info=&#8220;{}&#8220;][et_pb_column type=&#8220;1_2&#8243; _builder_version=&#8220;4.27.0&#8243; _module_preset=&#8220;default&#8220; global_colors_info=&#8220;{}&#8220;][et_pb_text _builder_version=&#8220;4.27.4&#8243; _module_preset=&#8220;default&#8220; header_3_font=&#8220;|700|||||||&#8220; header_3_line_height=&#8220;1.3em&#8220; custom_padding=&#8220;50px||50px||false|false&#8220; global_colors_info=&#8220;{}&#8220;]<\/p>\n<h3>Professionelle Stromabrechnung<\/h3>\n<p>Die Daten der intelligenten Messeinrichtungen flie\u00dfen in eine umfassende Mieter- Abrechnung, die auf die Ihre Bed\u00fcrfnisse als Stromanbieter angepasst wird.<\/p>\n<p>Eine vollst\u00e4ndige Muster-Abrechnung im PDF-Format erhalten Sie durch einen Klick auf die nebenstehende Mustergrafik.<\/p>\n<p><span style=\"font-size:11px;\">Quelle: QuartierKraft<\/span>[\/et_pb_text][\/et_pb_column][et_pb_column type=&#8220;1_2&#8243; _builder_version=&#8220;4.27.0&#8243; _module_preset=&#8220;default&#8220; global_colors_info=&#8220;{}&#8220;][et_pb_image src=&#8220;https:\/\/solarprojekt-3s.de\/wp-content\/uploads\/2024\/08\/mieterstrom-abrechnung.webp&#8220; alt=&#8220;Professionelle Mieterstrom-Abrechnung&#8220; title_text=&#8220;mieterstrom-abrechnung&#8220; url=&#8220;https:\/\/solarprojekt-3s.de\/wp-content\/uploads\/2024\/08\/Mieterstrom-Musterabrechnung.pdf&#8220; module_class=&#8220;pic&#8220; _builder_version=&#8220;4.27.0&#8243; _module_preset=&#8220;default&#8220; custom_margin=&#8220;0px||0px||true|false&#8220; custom_padding=&#8220;0px||0px||true|false&#8220; custom_css_free_form=&#8220;.pic {width:75%;margin:0 auto;}&#8220; global_colors_info=&#8220;{}&#8220;][\/et_pb_image][\/et_pb_column][\/et_pb_row][\/et_pb_section][et_pb_section fb_built=&#8220;1&#8243; _builder_version=&#8220;4.27.0&#8243; _module_preset=&#8220;default&#8220; global_colors_info=&#8220;{}&#8220;][et_pb_row _builder_version=&#8220;4.27.0&#8243; _module_preset=&#8220;default&#8220; global_colors_info=&#8220;{}&#8220;][et_pb_column type=&#8220;4_4&#8243; _builder_version=&#8220;4.27.0&#8243; _module_preset=&#8220;default&#8220; global_colors_info=&#8220;{}&#8220;][et_pb_text _builder_version=&#8220;4.27.0&#8243; _module_preset=&#8220;default&#8220; header_2_font=&#8220;|700|||||||&#8220; header_2_font_size=&#8220;28px&#8220; header_2_line_height=&#8220;1.3em&#8220; global_colors_info=&#8220;{}&#8220;]<\/p>\n<h2>Passgenaue Unterst\u00fctzung durch SOLAR PROJEKT-3S<\/h2>\n<p>SOLAR PROJEKT-3S hat die ma\u00dfgescheiderten Services, Sie haben die Wahl:<\/p>\n<p><b>Paket Basic<\/b><br \/>SOLAR PROJEKT-3S montiert die Solaranlage schl\u00fcsselfertig auf Festpreisbasis und unterst\u00fctzt den Vermieter bei der Einrichtung der Messeinrichtungen und der damit verbundenen Arbeiten durch ein Partnerunternehmen.<\/p>\n<p><b>Rundum-Sorglos-Paket<\/b><br \/>SOLAR PROJEKT-3S montiert die Solaranlage schl\u00fcsselfertig auf Festpreisbasis und erstellt dar\u00fcber hinaus termingerecht die Abrechnungen f\u00fcr alle teilnehmenden Mieter.<\/p>\n<p>[\/et_pb_text][\/et_pb_column][\/et_pb_row][\/et_pb_section][et_pb_section fb_built=&#8220;1&#8243; _builder_version=&#8220;4.27.0&#8243; _module_preset=&#8220;default&#8220; background_color=&#8220;#fef0d2&#8243; custom_padding=&#8220;0px||0px||true|false&#8220; global_colors_info=&#8220;{}&#8220;][et_pb_row column_structure=&#8220;1_3,2_3&#8243; _builder_version=&#8220;4.27.0&#8243; _module_preset=&#8220;default&#8220; custom_padding=&#8220;0px||0px||false|false&#8220; global_colors_info=&#8220;{}&#8220;][et_pb_column type=&#8220;1_3&#8243; _builder_version=&#8220;4.27.0&#8243; _module_preset=&#8220;default&#8220; global_colors_info=&#8220;{}&#8220;][et_pb_text _builder_version=&#8220;4.27.4&#8243; _module_preset=&#8220;default&#8220; header_3_font=&#8220;|700|||||||&#8220; header_3_line_height=&#8220;1.3em&#8220; custom_padding=&#8220;50px||50px||false|false&#8220; global_colors_info=&#8220;{}&#8220;]<\/p>\n<h3>Aktuelle EEG-Verg\u00fctungs\u00e4tze<\/h3>\n<p>Vom Staat garantiert f\u00fcr 20 Jahre ab Inbetriebnahme der PV-Anlage<\/p>\n<p><span style=\"font-size:11px;\">Quelle: QuartierKraft<\/span>[\/et_pb_text][\/et_pb_column][et_pb_column type=&#8220;2_3&#8243; _builder_version=&#8220;4.27.0&#8243; _module_preset=&#8220;default&#8220; global_colors_info=&#8220;{}&#8220;][et_pb_code module_id=&#8220;eeg&#8220; _builder_version=&#8220;4.27.0&#8243; _module_preset=&#8220;default&#8220; custom_margin=&#8220;25px||30px||false|false&#8220; custom_css_free_form=&#8220;#eeg th {background-color:#fab61f;color:#fff;line-height:16px;font-size:14px;text-align:center;}||#eeg td {background-color:#fff;color:#000;line-height:16px;font-size:14px;text-align:center;}||#eeg tr {border-top:5px solid #fef0d2}&#8220; global_colors_info=&#8220;{}&#8220;]<\/p>\n<table><!-- [et_pb_line_break_holder] -->  <\/p>\n<tr><!-- [et_pb_line_break_holder] -->  \t<\/p>\n<th>Installierte Leistung der PV-Anlage in kW<\/th>\n<p><!-- [et_pb_line_break_holder] -->  \t<\/p>\n<th>Mieterstomzuschlag<!-- [et_pb_line_break_holder] -->in Cent\/kWh<\/th>\n<p><!-- [et_pb_line_break_holder] -->  \t<\/p>\n<th>Teileinspeise-Verg\u00fctung<!-- [et_pb_line_break_holder] -->in Cent\/kWh<\/th>\n<th>Volleinspeise-Verg\u00fctung<!-- [et_pb_line_break_holder] -->in Cent\/kWh<\/th>\n<p><!-- [et_pb_line_break_holder] -->\t<\/tr>\n<p><!-- [et_pb_line_break_holder] -->  <\/p>\n<tr><!-- [et_pb_line_break_holder] -->  \t<\/p>\n<td>0-10<\/td>\n<p><!-- [et_pb_line_break_holder] -->  \t<\/p>\n<td>2,64<\/td>\n<p><!-- [et_pb_line_break_holder] -->  \t<\/p>\n<td>8,11<\/td>\n<p><!-- [et_pb_line_break_holder] -->  \t<\/p>\n<td>12,87<\/td>\n<p><!-- [et_pb_line_break_holder] -->\t<\/tr>\n<p><!-- [et_pb_line_break_holder] -->  <\/p>\n<tr><!-- [et_pb_line_break_holder] -->  \t<\/p>\n<td>10-40<\/td>\n<p><!-- [et_pb_line_break_holder] -->  \t<\/p>\n<td>2,45<\/td>\n<p><!-- [et_pb_line_break_holder] -->  \t<\/p>\n<td>7,03<\/td>\n<p><!-- [et_pb_line_break_holder] -->  \t<\/p>\n<td>10,79<\/td>\n<p><!-- [et_pb_line_break_holder] -->\t<\/tr>\n<p><!-- [et_pb_line_break_holder] -->  <\/p>\n<tr><!-- [et_pb_line_break_holder] -->  \t<\/p>\n<td>40-100<\/td>\n<p><!-- [et_pb_line_break_holder] -->  \t<\/p>\n<td>1,65<\/td>\n<p><!-- [et_pb_line_break_holder] -->  \t<\/p>\n<td>7,24<\/td>\n<p><!-- [et_pb_line_break_holder] -->  \t<\/p>\n<td>12,29<\/td>\n<p><!-- [et_pb_line_break_holder] -->\t<\/tr>\n<p><!-- [et_pb_line_break_holder] -->  <\/p>\n<tr><!-- [et_pb_line_break_holder] -->  \t<\/p>\n<td>100-400<\/td>\n<p><!-- [et_pb_line_break_holder] -->  \t<\/p>\n<td>1,65<\/td>\n<p><!-- [et_pb_line_break_holder] -->  \t<\/p>\n<td>8,11<\/td>\n<p><!-- [et_pb_line_break_holder] -->  \t<\/p>\n<td>10,41<\/td>\n<p><!-- [et_pb_line_break_holder] -->\t<\/tr>\n<p><!-- [et_pb_line_break_holder] -->  <\/p>\n<tr><!-- [et_pb_line_break_holder] -->  \t<\/p>\n<td>400-750<\/td>\n<p><!-- [et_pb_line_break_holder] -->  \t<\/p>\n<td>1,65<\/td>\n<p><!-- [et_pb_line_break_holder] -->  \t<\/p>\n<td>7,24<\/td>\n<p><!-- [et_pb_line_break_holder] -->  \t<\/p>\n<td>9,12<\/td>\n<p><!-- [et_pb_line_break_holder] -->\t<\/tr>\n<p><!-- [et_pb_line_break_holder] -->  <\/p>\n<tr><!-- [et_pb_line_break_holder] -->  \t<\/p>\n<td>750-1000<\/td>\n<p><!-- [et_pb_line_break_holder] -->  \t<\/p>\n<td>1,65<\/td>\n<p><!-- [et_pb_line_break_holder] -->  \t<\/p>\n<td>5,74<\/td>\n<p><!-- [et_pb_line_break_holder] -->  \t<\/p>\n<td>7,62<\/td>\n<p><!-- [et_pb_line_break_holder] -->\t<\/tr>\n<p><!-- [et_pb_line_break_holder] --><\/table>\n<p>[\/et_pb_code][\/et_pb_column][\/et_pb_row][\/et_pb_section][et_pb_section fb_built=&#8220;1&#8243; _builder_version=&#8220;4.27.0&#8243; _module_preset=&#8220;default&#8220; global_colors_info=&#8220;{}&#8220;][et_pb_row _builder_version=&#8220;4.27.0&#8243; _module_preset=&#8220;default&#8220; global_colors_info=&#8220;{}&#8220;][et_pb_column type=&#8220;4_4&#8243; _builder_version=&#8220;4.27.0&#8243; _module_preset=&#8220;default&#8220; global_colors_info=&#8220;{}&#8220;][et_pb_text _builder_version=&#8220;4.27.0&#8243; _module_preset=&#8220;default&#8220; header_2_font=&#8220;|700|||||||&#8220; header_2_font_size=&#8220;28px&#8220; header_2_line_height=&#8220;1.3em&#8220; global_colors_info=&#8220;{}&#8220;]<\/p>\n<h2>Damit k\u00f6nnen Sie garantiert rechnen<\/h2>\n<p>Die Verg\u00fctung gilt jeweils f\u00fcr den Teil der installierten Leistung, der in die jeweilige Kategorie f\u00e4llt.<\/p>\n<p>Ein Beispiel: Eine PV-Anlage mit 25 kW Leistung bekommt f\u00fcr die ersten 10 kW eine staatliche EEG-Teil- einspeise-Verg\u00fctung von 8,11 Cent\/kWh f\u00fcr ins \u00f6ffentliche Netz eingespeisten PV-Strom. F\u00fcr die n\u00e4chsten 15 kW Leistung bekommt die PV-Anlage eine staatliche EEG-Teileinspeise-Verg\u00fctung von 7,03 Cent\/kWh f\u00fcr ins \u00f6ffentliche Netz eingespeisten PV-Strom. F\u00fcr den an Mieter gelieferten PV-Strom zahlt der Staat f\u00fcr die ersten 10 kW PV-Anlagenleistung einen Mieterstromzuschlag in H\u00f6he von 2,64 Cent\/kWh und f\u00fcr die n\u00e4chsten 15 kW einen Mieterstromzuschlag in H\u00f6he von 2,45 Cent\/kWh.<\/p>\n<p>F\u00fcr PV-Anlagen ab 100 kW-Leistung besteht eine gesetzliche Direktvermarktungspfllicht f\u00fcr den in das \u00f6ffentliche Netz eingespeisten PV-Strom. Wird eine PV-Anlage direktvermarktet, dann zahlt der Staat dem PV-Anlagenbetreiber zus\u00e4tzlich zur garantierten EEG-Verg\u00fctung noch einen Direktvermarktungsbonus von 0,4 Cent\/kWh f\u00fcr den ins \u00f6ffentliche Netz eingespeisten PV-Strom.<\/p>\n<p>[\/et_pb_text][\/et_pb_column][\/et_pb_row][\/et_pb_section]<\/p>\n","protected":false},"excerpt":{"rendered":"<p>Das Mieterstrom-Modell: Wohnwirtschaftliche PV-NutzungMit der Verabschiedung des Solarpakets 1 am 26.4.2024 und damit verbundener Gesetzes\u00e4nderungen, ist die Abrechnung von Solar-Mieterstrom jetzt ganz einfach und ohne aufw\u00e4ndige Umbau- bzw. Installationsarbeiten m\u00f6glich geworden.Der Vermieter wird somit kompletter Stromlieferant, das bedeutet, er verkauft seinen Mietern den auf dem Dach produzierten Solarstrom sowie den Reststrom vom Netzbetreiber. Hierzu schlie\u00dft [&hellip;]<\/p>\n","protected":false},"author":1,"featured_media":0,"parent":0,"menu_order":0,"comment_status":"closed","ping_status":"closed","template":"","meta":{"_et_pb_use_builder":"on","_et_pb_old_content":"","_et_gb_content_width":"","footnotes":""},"class_list":["post-648","page","type-page","status-publish","hentry"],"_links":{"self":[{"href":"https:\/\/solarprojekt-3s.de\/en\/wp-json\/wp\/v2\/pages\/648","targetHints":{"allow":["GET"]}}],"collection":[{"href":"https:\/\/solarprojekt-3s.de\/en\/wp-json\/wp\/v2\/pages"}],"about":[{"href":"https:\/\/solarprojekt-3s.de\/en\/wp-json\/wp\/v2\/types\/page"}],"author":[{"embeddable":true,"href":"https:\/\/solarprojekt-3s.de\/en\/wp-json\/wp\/v2\/users\/1"}],"replies":[{"embeddable":true,"href":"https:\/\/solarprojekt-3s.de\/en\/wp-json\/wp\/v2\/comments?post=648"}],"version-history":[{"count":18,"href":"https:\/\/solarprojekt-3s.de\/en\/wp-json\/wp\/v2\/pages\/648\/revisions"}],"predecessor-version":[{"id":823,"href":"https:\/\/solarprojekt-3s.de\/en\/wp-json\/wp\/v2\/pages\/648\/revisions\/823"}],"wp:attachment":[{"href":"https:\/\/solarprojekt-3s.de\/en\/wp-json\/wp\/v2\/media?parent=648"}],"curies":[{"name":"wp","href":"https:\/\/api.w.org\/{rel}","templated":true}]}}